{"id":496,"date":"2017-09-20T23:00:40","date_gmt":"2017-09-20T21:00:40","guid":{"rendered":"https:\/\/www.psychose-seminar.info\/?page_id=496"},"modified":"2017-09-20T23:00:40","modified_gmt":"2017-09-20T21:00:40","slug":"psychose-und-ihre-symptome","status":"publish","type":"page","link":"https:\/\/www.psychose-seminar.de\/?page_id=496","title":{"rendered":"Psychose und ihre Symptome"},"content":{"rendered":"<p><span style=\"font-family: Verdana,sans-serif\"><b>Protokoll des Psychoseseminars vom 20.09.17<\/b><\/span><\/p>\n<p><span style=\"font-family: Verdana,sans-serif\"><b>Anwesend: 16 Personen, darunter Frau R\u00fchl (\u00c4rztin LVR-Klinik)<\/b><\/span><\/p>\n<p><span style=\"font-family: Verdana,sans-serif\"><b>Moderation: Herr Schmidt, Frau Dangel<\/b><\/span><\/p>\n<p><span style=\"font-family: Verdana,sans-serif\"><b>Protokoll: Frau Els\u00e4sser<\/b><\/span><\/p>\n<p><span style=\"font-family: Verdana,sans-serif\"><b>Vorstellung des Psychoseseminars, Erkl\u00e4rung der Getr\u00e4nke<\/b><\/span><\/p>\n<p><span style=\"font-family: Verdana,sans-serif\"><b>Teil 1: Sammlung der Symptome und Zuordnung<\/b><\/span><\/p>\n<p><span style=\"font-family: Verdana,sans-serif\">Die Anwesenden bekommen Karten ausgeh\u00e4ndigt. Je Karte wird ein Symptom aufgeschrieben. Die Karten werden vorgestellt und zugeordnet zu psychotischen und nicht-psychotischen Symptomen. Karten, die sich nicht eindeutig zuordnen lassen, werden in die Mitte auf den Boden gelegt.<\/span><\/p>\n<p><strong><span style=\"font-family: Verdana,sans-serif\">Psychotische Symptome:<\/span><\/strong><\/p>\n<ul>\n<li><span style=\"font-family: Verdana,sans-serif\">Fremdbestimmung der Gedanken durch Andere<\/span><\/li>\n<li><span style=\"font-family: Verdana,sans-serif\">Halluzinationen<\/span><\/li>\n<li><span style=\"font-family: Verdana,sans-serif\">traut der Weltsicht der anderen nicht mehr<\/span><\/li>\n<li><span style=\"font-family: Verdana,sans-serif\">Schuldwahn<\/span><\/li>\n<\/ul>\n<p><strong><span style=\"font-family: Verdana,sans-serif\">nicht-psychotische Symptome:<\/span><\/strong><\/p>\n<ul>\n<li><span style=\"font-family: Verdana,sans-serif\">Minussymptomatik<\/span><\/li>\n<li><span style=\"font-family: Verdana,sans-serif\">Essst\u00f6rung<\/span><\/li>\n<li><span style=\"font-family: Verdana,sans-serif\">Depression<\/span><\/li>\n<li><span style=\"font-family: Verdana,sans-serif\">nicht-einstellbarer Blutdruck<\/span><\/li>\n<li><span style=\"font-family: Verdana,sans-serif\">Traurigkeit<\/span><\/li>\n<li><span style=\"font-family: Verdana,sans-serif\">affektive St\u00f6rung<\/span><\/li>\n<li><span style=\"font-family: Verdana,sans-serif\">Verwirrtheit<\/span><\/li>\n<li><span style=\"font-family: Verdana,sans-serif\">Erkl\u00e4rug der affektiven St\u00f6rung: Unf\u00e4higkeit, Gef\u00fchle zu modellieren.<\/span><\/li>\n<\/ul>\n<p><span style=\"font-family: Verdana,sans-serif\">Erkl\u00e4rung der Minussymptomatik: etwas nicht mehr k\u00f6nnen.<\/span><\/p>\n<p><strong><span style=\"font-family: Verdana,sans-serif\">Mitte:<\/span><\/strong><\/p>\n<ul>\n<li><span style=\"font-family: Verdana,sans-serif\">sozialer R\u00fcckzug<\/span><\/li>\n<li><span style=\"font-family: Verdana,sans-serif\">\u00c4ngste<\/span><\/li>\n<li><span style=\"font-family: Verdana,sans-serif\">Innere Leere<\/span><\/li>\n<li><span style=\"font-family: Verdana,sans-serif\">Schlaflosigkeit<\/span><\/li>\n<li><span style=\"font-family: Verdana,sans-serif\">Gereiztheit<\/span><\/li>\n<li><span style=\"font-family: Verdana,sans-serif\">Aggression<\/span><\/li>\n<\/ul>\n<p><span style=\"font-family: Verdana,sans-serif\">Die Begriffe in der Mitte k\u00f6nnen Fr\u00fchwarnsymptome sein, m\u00fcssen aber nicht.<\/span><\/p>\n<p><span style=\"font-family: Verdana,sans-serif\">Im Jahre 1845 wurde der Begriff Psychose zum ersten Mal erw\u00e4hnt. Er ist ein Sammelbegriff f\u00fcr seelische St\u00f6rungen, bei denen der Bezug zu Realit\u00e4t und der Umgebung verloren wird.<\/span><\/p>\n<p><span style=\"font-family: Verdana,sans-serif\">Pause<\/span><\/p>\n<p><span style=\"font-family: Verdana,sans-serif\"><b>Zweiter Teil: die verschiedenen Symptome werden Krankheiten zugeordnet.<\/b><\/span><\/p>\n<p><span style=\"font-family: Verdana,sans-serif\"><b>Depression<\/b>:<\/span><\/p>\n<p><span style=\"font-family: Verdana,sans-serif\">Hauptsymptome: Antriebslosigkeit, Hoffnungslosigkeit, Traurigkeit, Freudlosigkeit<\/span><\/p>\n<p><span style=\"font-family: Verdana,sans-serif\">Nebensymptome: Angst, Suizidgedanken, Klos im Hals, Selbstvernachl\u00e4ssigung<\/span><\/p>\n<p><span style=\"font-family: Verdana,sans-serif\">Bei schweren Depressionen: Wahnvorstellungen (hypochondrische Beschwerden zum Beispiel), die zur Stimmung passen. Negativer Wahn. H\u00e4ufig Schuldwahn, Verarmungswahn.<\/span><\/p>\n<p><span style=\"font-family: Verdana,sans-serif\">Halluzinationen, die zur Stimmung passen.<\/span><\/p>\n<p><span style=\"font-family: Verdana,sans-serif\">Die Neurose ist ein ungenauer Begriff. Sie wird nicht mehr verwendet.<\/span><\/p>\n<p><span style=\"font-family: Verdana,sans-serif\"><b>Bipolare St\u00f6rung:<\/b><\/span><\/p>\n<p><span style=\"font-family: Verdana,sans-serif\">Wechsel zwischen Depression und Manie<\/span><\/p>\n<p><span style=\"font-family: Verdana,sans-serif\">Hier kann sich Depression und Manie abwechseln oder mehrfach Depressionen oder Manie sich mit gesunden Phasen abwechseln.<\/span><\/p>\n<p><span style=\"font-family: Verdana,sans-serif\"><u>Manie<\/u>: gehobene Stimmung, Rededrang, Schlaflosigkeit. Man freut sich \u00fcber alles. Aggression und Reizbarkeit, Grenz\u00fcberschreitung bei anderen, affektive St\u00f6rung. Die Depression wurde oben beschrieben.<\/span><\/p>\n<p><span style=\"font-family: Verdana,sans-serif\">Bei schwerer Manie: Wahn und Halluzinationen, Selbst\u00fcbersch\u00e4tzung, religi\u00f6ser Wahn, Liebeswahn, Verfolgungswahn (selten).<\/span><\/p>\n<p><span style=\"font-family: Verdana,sans-serif\">Eine Manie h\u00e4lt an von einer Woche bis vier Monate.<\/span><\/p>\n<p><span style=\"font-family: Verdana,sans-serif\">Die Bipolare St\u00f6rung kann gef\u00e4hrlich sein, weil sie anstrengend ist und der Betroffene sich nach der Manie zum Beispiel sehr viele Vorw\u00fcrfe machen kann, die zu Suizidgedanken und -ausf\u00fchrung f\u00fchren k\u00f6nnen.<\/span><\/p>\n<p><span style=\"font-family: Verdana,sans-serif\">Als Phasenprophylaxe ist eine dauerhafte Medikation erforderlich.<\/span><\/p>\n<p><span style=\"font-family: Verdana,sans-serif\"><b>Schizophrenie<\/b>:<\/span><\/p>\n<p><span style=\"font-family: Verdana,sans-serif\">Hauptsymptome:<\/span><\/p>\n<p><span style=\"font-family: Verdana,sans-serif\">Gedankenausbreitung, Gedankeneingebung, Gedankenentzug<\/span><\/p>\n<p><span style=\"font-family: Verdana,sans-serif\">Halluzinationen<\/span><\/p>\n<p><span style=\"font-family: Verdana,sans-serif\">Wahnvorstellungen<\/span><\/p>\n<p><span style=\"font-family: Verdana,sans-serif\">Ich-St\u00f6rung (Man f\u00fchlt sich fremd.)<\/span><\/p>\n<p><span style=\"font-family: Verdana,sans-serif\">mindestens 1 bis 2 Symptome \u00fcber einen Monat anhaltend.<\/span><\/p>\n<p><span style=\"font-family: Verdana,sans-serif\">Wir lernen daraus, dass Psychose ein Oberbegriff f\u00fcr Symptome ist, die in verschiedenen Krankheitsbildern auftauchen k\u00f6nnen.<\/span><\/p>\n<p><span style=\"font-family: Verdana,sans-serif\">Es gibt von den Betroffenen beschriebene Warnzeichen, bei denen es sinnvoll sein kann, eine Klinik aufzusuchen. Zum Beispiel: Schlaflosigkeit, \u00c4ngste, Innere Leere, Ich-Entgrenzung.<\/span><\/p>\n<p><span style=\"font-family: Verdana,sans-serif\">Die Ich-Entgrenzung wird beschrieben, als die Aufhebung der Grenze zwischen Ich und Umwelt. \u00c4hnliches wird unter anderem durch Drogenkonsum erlebt.<\/span><\/p>\n","protected":false},"excerpt":{"rendered":"<p>Protokoll des Psychoseseminars vom 20.09.17 Anwesend: 16 Personen, darunter Frau R\u00fchl (\u00c4rztin LVR-Klinik) Moderation: Herr Schmidt, Frau Dangel Protokoll: Frau Els\u00e4sser Vorstellung des Psychoseseminars, Erkl\u00e4rung der Getr\u00e4nke Teil 1: Sammlung der Symptome und Zuordnung Die Anwesenden bekommen Karten ausgeh\u00e4ndigt. Je Karte wird ein Symptom aufgeschrieben. Die Karten werden vorgestellt und zugeordnet zu psychotischen und nicht-psychotischen [&hellip;]<\/p>\n","protected":false},"author":2,"featured_media":0,"parent":14,"menu_order":-156,"comment_status":"closed","ping_status":"closed","template":"","meta":[],"_links":{"self":[{"href":"https:\/\/www.psychose-seminar.de\/index.php?rest_route=\/wp\/v2\/pages\/496"}],"collection":[{"href":"https:\/\/www.psychose-seminar.de\/index.php?rest_route=\/wp\/v2\/pages"}],"about":[{"href":"https:\/\/www.psychose-seminar.de\/index.php?rest_route=\/wp\/v2\/types\/page"}],"author":[{"embeddable":true,"href":"https:\/\/www.psychose-seminar.de\/index.php?rest_route=\/wp\/v2\/users\/2"}],"replies":[{"embeddable":true,"href":"https:\/\/www.psychose-seminar.de\/index.php?rest_route=%2Fwp%2Fv2%2Fcomments&post=496"}],"version-history":[{"count":0,"href":"https:\/\/www.psychose-seminar.de\/index.php?rest_route=\/wp\/v2\/pages\/496\/revisions"}],"up":[{"embeddable":true,"href":"https:\/\/www.psychose-seminar.de\/index.php?rest_route=\/wp\/v2\/pages\/14"}],"wp:attachment":[{"href":"https:\/\/www.psychose-seminar.de\/index.php?rest_route=%2Fwp%2Fv2%2Fmedia&parent=496"}],"curies":[{"name":"wp","href":"https:\/\/api.w.org\/{rel}","templated":true}]}}